{"id":54303,"date":"2020-03-20T11:46:22","date_gmt":"2020-03-20T10:46:22","guid":{"rendered":"https:\/\/www.my-netti.com\/spare-part\/electric-angle-adjustable-leg-support\/"},"modified":"2024-04-03T11:01:26","modified_gmt":"2024-04-03T09:01:26","slug":"elektrisk-vinkelregulerbare-benstotter","status":"publish","type":"spare-part","link":"https:\/\/www.my-netti.com\/no\/spare-part\/elektrisk-vinkelregulerbare-benstotter\/","title":{"rendered":"Elektrisk vinkelregulerbare benst\u00f8tter"},"parent":0,"template":"","certification":[],"spare-part-category":[802],"wheelchair-category":[969],"class_list":["post-54303","spare-part","type-spare-part","status-publish","hentry","spare-part-category-benstotter","wheelchair-category-comfort-no"],"primary_categories":[],"app_templates_compare_top_banner_title":"","app_templates_compare_top_banner_body":"","app_templates_compare_top_banner_image":"","app_templates_compare_top_banner_color":"white","app_templates_compare_top_banner_overlay":true,"app_templates_compare_top_banner_hide":false,"app_templates_cookie_policy_top_banner_title":"","app_templates_cookie_policy_top_banner_body":"","app_templates_cookie_policy_top_banner_image":"","app_templates_cookie_policy_top_banner_color":"white","app_templates_cookie_policy_top_banner_overlay":true,"app_templates_cookie_policy_top_banner_hide":false,"app_templates_home_page_home_banner_slides":[],"app_templates_home_page_home_banner_html":"","app_templates_home_page_link_boxes_boxes":[],"app_templates_home_page_link_boxes_cta_box_show_cta":true,"app_templates_home_page_link_boxes_cta_box_title":"","app_templates_home_page_link_boxes_cta_box_body":"","app_templates_home_page_link_boxes_cta_box_icon":"","app_templates_home_page_link_boxes_cta_box_link":{"value":"","url":"","anchor":"","blank":0},"app_templates_home_page_link_boxes_cta_box_html":"","app_templates_home_page_media_text_box_image":"","app_templates_home_page_media_text_box_full_width":false,"app_templates_home_page_media_text_box_pretitle":"","app_templates_home_page_media_text_box_title":"","app_templates_home_page_media_text_box_body":"","app_templates_home_page_media_text_box_link":{"value":"","url":"","anchor":"","blank":0},"app_templates_home_page_media_text_box_hide":false,"app_templates_home_page_article_slider_title":"Relaterte artikler","app_templates_home_page_article_slider_show_latest":false,"app_templates_home_page_article_slider_articles":[],"app_templates_home_page_product_slider_title":"Relaterte produkter","app_templates_home_page_product_slider_product_kind":"wheelchairs","app_templates_home_page_product_slider_wheelchairs":[],"app_templates_home_page_product_slider_spare_parts":[],"app_templates_home_page_product_slider_all":[],"app_templates_home_page_product_slider_hide_info":false,"app_templates_modules_top_banner_title":"","app_templates_modules_top_banner_body":"","app_templates_modules_top_banner_image":"","app_templates_modules_top_banner_color":"white","app_templates_modules_top_banner_overlay":true,"app_templates_modules_top_banner_hide":false,"app_templates_modules_modules_modules":[],"app_templates_modules_product_items_product":[],"app_post_types_spare_part_product_header_title":"Elektrisk vinkelregulerbare benst\u00f8tter","app_post_types_spare_part_product_header_description":"V\u00e5re elektriske vinkelregulerbare benst\u00f8tter er ergonomisk riktig designet og tilbyr automatisk benlengde utjevning. Benst\u00f8ttene kan monteres p\u00e5 Netti V, Netti III eller Netti III HD-rullestol oppgradert med et elektrisk sett.\r\n\r\nPasser til nedre benlengde 320-680 mm.\r\n\r\n<strong>Easy Care trekk er ikke p\u00e5 avtale<\/strong>","app_post_types_spare_part_product_header_rotate_images":[],"app_post_types_spare_part_product_header_activate_rotate":false,"app_post_types_spare_part_product_header_gallery":[],"app_post_types_spare_part_product_items_html":"","app_post_types_spare_part_product_items_product_tabs":[{"_type":"_","title":"Overdeler & reservedeler","tab_key":"tab_5e984ef7598ea","product_skus":"93871,93872,40886,29683,93877","image":"","products":[]},{"_type":"_","title":"Leggst\u00f8tte & reservedeler","tab_key":"tab_5e984ef7598ed","product_skus":"27964,27965,27966,27967,27968,27969,25353,20412","image":"","products":[]},{"_type":"_","title":"Fotplate & reservedeler","tab_key":"tab_5e984ef7598ee","product_skus":"28621,28649,28622,28650,28623,28651,28624,28652,28625,28653,28626,28654,28627,28655,28656,28628,23172,23173,20138,27858,43499,20356,28523","image":"","products":[]},{"_type":"_","title":"Fotbrett","tab_key":"tab_5e984ef7598ef","product_skus":"25701,25702,25703,25704,25705,25706,25707,25708,94180","image":"","products":[]},{"_type":"_","title":"Fotkasse","tab_key":"tab_5e984ef7598f0","product_skus":"23336,23337,23338,23339,23340,23341,23342,23343,80839,80840,94180","image":"","products":[]},{"_type":"_","title":"Polster til overdeler","tab_key":"tab_5e984ef7598f1","product_skus":"40886,29683","image":"","products":[]},{"_type":"_","title":"Polster til leggst\u00f8tte","tab_key":"tab_5e984ef7598f2","product_skus":"21745,41617,87767,41618,87768,41619,87769,41620,87770,41621,41622","image":"","products":[]},{"_type":"_","title":"Polster til fotplate","tab_key":"tab_5e984ef7598f3","product_skus":"28453,28454,28455,28456,28457,28458,28459,28460,28461,28462,28463,28464,28465,28466,28467,28468","image":"","products":[]},{"_type":"_","title":"Uttrekkstykke","tab_key":"tab_5e984ef7598f4","product_skus":"85027,85028,29555,29556,80839,80840,80071,80072","image":"","products":[]}],"app_post_types_spare_part_info_selling_points_title":"","app_post_types_spare_part_info_selling_points_items":[],"app_post_types_spare_part_info_key_features_features":[],"app_post_types_spare_part_fits_wheelchairs":[],"app_post_types_spare_part_videos_videos":[],"app_post_types_spare_part_downloads_note":"","app_post_types_spare_part_tab_titles_product_items_tab_title":"","app_post_types_spare_part_tab_titles_product_items_title":"","app_post_types_spare_part_tab_titles_product_items_description":"Forlengelsesstykker med abduksjon sammen med elektriske benst\u00f8tter kan ikke brukes p\u00e5 rullestoler som skal fungere som sete under transport. Ta kontakt med kundeservice for et tilbud p\u00e5 spesialtilpasning.","app_post_types_spare_part_tab_titles_info_tab_title":"","app_post_types_spare_part_tab_titles_info_title":"","app_post_types_spare_part_tab_titles_info_description":"","app_post_types_spare_part_tab_titles_fits_tab_title":"Passer det med rullestolen min?","app_post_types_spare_part_tab_titles_fits_title":"","app_post_types_spare_part_tab_titles_fits_description":"","app_post_types_spare_part_tab_titles_videos_tab_title":"","app_post_types_spare_part_tab_titles_videos_title":"","app_post_types_spare_part_tab_titles_videos_description":"","app_post_types_spare_part_tab_titles_downloads_tab_title":"","app_post_types_spare_part_tab_titles_downloads_title":"","app_post_types_spare_part_tab_titles_downloads_description":"","app_post_types_spare_part_modules_modules":[],"app_post_types_spare_part_product_slider_title":"Related Products","app_post_types_spare_part_product_slider_product_kind":"wheelchairs","app_post_types_spare_part_product_slider_wheelchairs":[],"app_post_types_spare_part_product_slider_spare_parts":[],"app_post_types_spare_part_product_slider_all":[],"app_post_types_spare_part_product_slider_hide_info":false,"app_post_types_spare_part_archive_info_image":"29456","app_post_types_spare_part_archive_info_excerpt":"","app_post_types_spare_part_archive_info_html":"","app_post_types_spare_part_tags_tags":"","_links":{"self":[{"href":"https:\/\/www.my-netti.com\/no\/wp-json\/wp\/v2\/spare-part\/54303","targetHints":{"allow":["GET"]}}],"collection":[{"href":"https:\/\/www.my-netti.com\/no\/wp-json\/wp\/v2\/spare-part"}],"about":[{"href":"https:\/\/www.my-netti.com\/no\/wp-json\/wp\/v2\/types\/spare-part"}],"version-history":[{"count":6,"href":"https:\/\/www.my-netti.com\/no\/wp-json\/wp\/v2\/spare-part\/54303\/revisions"}],"predecessor-version":[{"id":106867,"href":"https:\/\/www.my-netti.com\/no\/wp-json\/wp\/v2\/spare-part\/54303\/revisions\/106867"}],"wp:attachment":[{"href":"https:\/\/www.my-netti.com\/no\/wp-json\/wp\/v2\/media?parent=54303"}],"wp:term":[{"taxonomy":"certification","embeddable":true,"href":"https:\/\/www.my-netti.com\/no\/wp-json\/wp\/v2\/certification?post=54303"},{"taxonomy":"spare-part-category","embeddable":true,"href":"https:\/\/www.my-netti.com\/no\/wp-json\/wp\/v2\/spare-part-category?post=54303"},{"taxonomy":"wheelchair-category","embeddable":true,"href":"https:\/\/www.my-netti.com\/no\/wp-json\/wp\/v2\/wheelchair-category?post=54303"}],"curies":[{"name":"wp","href":"https:\/\/api.w.org\/{rel}","templated":true}]}}