{"id":113572,"date":"2025-05-22T14:01:05","date_gmt":"2025-05-22T12:01:05","guid":{"rendered":"https:\/\/meyragroup.dk\/da\/\/wheelchair\/meyra-femto-x-2\/"},"modified":"2026-09-01T09:07:08","modified_gmt":"2026-09-01T07:07:08","slug":"meyra-femto-s","status":"publish","type":"wheelchair","link":"https:\/\/meyragroup.dk\/da\/wheelchair\/meyra-femto-s\/","title":{"rendered":"Meyra FEMTO S"},"parent":0,"template":"","brand":[1142],"certification":[521,517,628],"netti-family":[1248],"cat_type":[1061,1063,1066,1068,1030,1073,1035,1058,1209,1059],"wheelchair-category":[976],"class_list":["post-113572","wheelchair","type-wheelchair","status-publish","hentry","brand-meyra-da","certification-tuv-test-da","certification-crash-testet-da","certification-ce-marked-da","netti-family-meyra-femto-family","type-hemiplegi","type-multiple-sklerose","type-smaa-brugere","type-tetraplegi","type-als-da-2","type-spinal-muskelatrofi","type-amputation-da","type-traumatisk-hjerneskade","type-krydsramme","type-cerebral-parese","wheelchair-category-active-da"],"app_templates_compare_top_banner_title":"","app_templates_compare_top_banner_body":"","app_templates_compare_top_banner_image":"","app_templates_compare_top_banner_color":"white","app_templates_compare_top_banner_overlay":true,"app_templates_compare_top_banner_hide":false,"app_templates_cookie_policy_top_banner_title":"","app_templates_cookie_policy_top_banner_body":"","app_templates_cookie_policy_top_banner_image":"","app_templates_cookie_policy_top_banner_color":"white","app_templates_cookie_policy_top_banner_overlay":true,"app_templates_cookie_policy_top_banner_hide":false,"app_templates_home_page_home_banner_slides":[],"app_templates_home_page_home_banner_html":"","app_templates_home_page_link_boxes_boxes":[],"app_templates_home_page_link_boxes_cta_box_show_cta":true,"app_templates_home_page_link_boxes_cta_box_title":"","app_templates_home_page_link_boxes_cta_box_body":"","app_templates_home_page_link_boxes_cta_box_icon":"","app_templates_home_page_link_boxes_cta_box_link":{"value":"","url":"","anchor":"","blank":0},"app_templates_home_page_link_boxes_cta_box_html":"","app_templates_home_page_media_text_box_image":"","app_templates_home_page_media_text_box_full_width":false,"app_templates_home_page_media_text_box_pretitle":"","app_templates_home_page_media_text_box_title":"","app_templates_home_page_media_text_box_body":"","app_templates_home_page_media_text_box_link":{"value":"","url":"","anchor":"","blank":0},"app_templates_home_page_media_text_box_hide":false,"app_templates_home_page_article_slider_title":"Relaterede artikeler","app_templates_home_page_article_slider_show_latest":false,"app_templates_home_page_article_slider_articles":[],"app_templates_home_page_product_slider_title":"Relaterede produkter","app_templates_home_page_product_slider_product_kind":"wheelchairs","app_templates_home_page_product_slider_wheelchairs":[],"app_templates_home_page_product_slider_spare_parts":[],"app_templates_home_page_product_slider_all":[],"app_templates_home_page_product_slider_hide_info":false,"app_templates_modules_top_banner_title":"","app_templates_modules_top_banner_body":"","app_templates_modules_top_banner_image":"","app_templates_modules_top_banner_color":"white","app_templates_modules_top_banner_overlay":true,"app_templates_modules_top_banner_hide":false,"app_templates_modules_modules_modules":[],"app_templates_modules_product_items_product":[],"app_post_types_wheelchair_product_header_title":"Meyra FEMTO S","app_post_types_wheelchair_product_header_description":"<p style=\"text-align: center;\"><strong>Vores nye gennemt\u00e6nkte og robuste foldbare k\u00f8restol\r\nmed svingbare og aftagelige benst\u00f8tter<\/strong><\/p>\r\n<p style=\"text-align: center;\"><strong>Inklusiv ved bestilling af en Femto k\u00f8restol er frit valg af:<\/strong><\/p>\r\n<p style=\"text-align: center;\">frakkesk\u00e5ner eller h\u00f8jdeindstillelig arml\u00e6n\r\narml\u00e6nspolster - bred eller smal\r\nskubbegrebsl\u00f8sning\r\nop til 10 rammefarver\r\nantitipperl\u00f8sning - 1, 2, eller uden<\/p>\r\n<p style=\"text-align: center;\"><a href=\"https:\/\/www.meyragroup.dk\/da\/salg\/\">Kontakt os<\/a> for fremvisning eller mere information.<\/p>\r\n&nbsp;","app_post_types_wheelchair_product_header_rotate_images":[],"app_post_types_wheelchair_product_header_activate_rotate":false,"app_post_types_wheelchair_product_header_gallery":["113513","113506"],"app_post_types_wheelchair_info_selling_points_title":"","app_post_types_wheelchair_info_selling_points_items":[{"_type":"_","title":"Pr\u00f8v Femto S","text":"\u00d8nsker du at h\u00f8re mere eller afpr\u00f8ve en Femto S, s\u00e5 tag endelig fat i os.\r\n\r\nRing til os p\u00e5 87 88 73 00 eller send en email til <a href=\"mailto:danmark@meyragroup.com\">danmark@meyragroup.com<\/a>"},{"_type":"_","title":"S\u00e6rlige details for en bedre k\u00f8reoplevelse","text":"Med FEMTO S udvider vi vores FEMTO Family med en ny model til aktive brugere, der er afh\u00e6ngige af en foldbar k\u00f8restol - men som ikke \u00f8nsker at g\u00e5 p\u00e5 kompromis med design, funktion eller tilpasningsmuligheder.\r\n\r\nPr\u00e6cis indstilling af forhjul sikrer lige k\u00f8rsel\r\n\r\n<img class=\"alignnone size-full wp-image-113588\" src=\"\/app\/uploads\/2025\/05\/csm_meyra-femto-s-lenkradeinstellung_f915aff9c2.jpg\" alt=\"\" width=\"180\" height=\"180\" \/>\r\n\r\nSvingbare og aftagelige benst\u00f8tter\r\n\r\n<img class=\"alignnone size-full wp-image-113574\" src=\"\/app\/uploads\/2025\/05\/csm_meyra-femto-s-beinstuetze_5235bac1ee.jpg\" alt=\"\" width=\"180\" height=\"180\" \/>\r\n\r\nIndstilling af rygvinkel\r\n\r\n<img class=\"alignnone size-full wp-image-113581\" src=\"\/app\/uploads\/2025\/05\/csm_meyra-femto-s-rueckenwinkel_f240b92288.jpg\" alt=\"\" width=\"180\" height=\"180\" \/>\r\n\r\nParallel foldning af k\u00f8restolen:\r\n- samlet bredde 280 mm ved 0\u00b0 camber\r\n- samlet bredde 330 mm ved 3\u00b0 camber\r\n\r\n<img class=\"alignnone size-full wp-image-113485\" src=\"\/app\/uploads\/2025\/05\/meyra-femto-x-s_gefaltet.png\" alt=\"\" width=\"200\" height=\"200\" \/>\r\n\r\nKrydsramme\r\n\r\n<img class=\"alignnone size-full wp-image-113520\" src=\"\/app\/uploads\/2025\/05\/meyra-femto-x-s_schere.png\" alt=\"\" width=\"200\" height=\"200\" \/>\r\n\r\n&nbsp;"},{"_type":"_","title":"Frit valg af rammefarver","text":"V\u00e6lg frit din farve blandt vores 10 rammefarver - s\u00e5 du kan matche dit individuelle look.\r\n\r\nFarveafvigelser fra det f\u00e6rdige produkt er mulige.\r\n\r\n<img class=\"alignnone wp-image-107865\" src=\"\/app\/uploads\/2024\/09\/Farver-600x64.png\" alt=\"\" width=\"384\" height=\"41\" \/>"},{"_type":"_","title":"Arml\u00e6nsl\u00f8sninger","text":"Carbon frakkesk\u00e5ner\r\n\r\n<img class=\"alignnone size-full wp-image-115715\" src=\"\/app\/uploads\/2025\/11\/Carbon-arm-support.png\" alt=\"\" width=\"300\" height=\"300\" \/>\r\n\r\nSmal og kort armpolster p\u00e5 arml\u00e6n, der kan svinges bagover\r\nSe video her <a href=\"https:\/\/youtu.be\/9tbaFGU7aoQ\">&gt;&gt;&gt;<\/a>\r\n\r\n<img class=\"alignnone size-full wp-image-115722\" src=\"\/app\/uploads\/2025\/11\/small-arm-support.png\" alt=\"\" width=\"300\" height=\"300\" \/>\r\n\r\n&nbsp;\r\n\r\n<img class=\"alignnone size-full wp-image-115736\" src=\"\/app\/uploads\/2025\/11\/Swingaway-arm-support.png\" alt=\"\" width=\"300\" height=\"300\" \/>\r\n\r\nLang og bredt armpolster - kan ogs\u00e5 svinges bagover\r\n\r\n<img class=\"alignnone size-full wp-image-115752\" src=\"\/app\/uploads\/2025\/11\/Long-wide-arm-support.png\" alt=\"\" width=\"300\" height=\"300\" \/>"},{"_type":"_","title":"Skubbegrebsl\u00f8sninger","text":"V\u00e6lg frit mellem vores skubbegrebsl\u00f8sninger\r\n\r\n<img class=\"alignnone size-full wp-image-115761\" src=\"\/app\/uploads\/2025\/11\/pushhandles-femto-.png\" alt=\"\" width=\"387\" height=\"185\" \/>"},{"_type":"_","title":"Svingbare, og aftagelige benst\u00f8tter","text":"<img class=\"alignnone size-full wp-image-115729\" src=\"\/app\/uploads\/2025\/11\/Swingaway-leg-support.png\" alt=\"\" width=\"300\" height=\"300\" \/>\r\n\r\nSe video her <a href=\"https:\/\/youtu.be\/vNWQoSpU9HQ\">&gt;&gt;&gt;<\/a>"},{"_type":"_","title":"Netti Precision Active siddepude - for hudbeskyttelse og stabilitet","text":"N\u00e5r et tryks\u00e5r f\u00f8rst er opst\u00e5et, kan det betyde smertefuld behandling, langvarig sengeleje og i v\u00e6rste fald hospitalsindl\u00e6ggelse for k\u00f8restolsbrugeren. Netti Precision\u2122 siddepuderne er udviklet med en effektiv strategi for trykfordeling, hvilket er en afg\u00f8rende faktor i forebyggelsen af tryks\u00e5r.\r\n\r\nNetti Precision Active er et godt valg til forebyggelse af tryks\u00e5r hos aktive k\u00f8restolsbrugere med en mere rund bagdel.\r\n\r\nHvis brugeren har h\u00f8j risiko for hudskader, stort behov for trykaflastning eller en mere spids bagdel, anbefaler vi Netti Precision 1 eller Netti Precision 2.\r\n\r\n<a href=\"https:\/\/www.meyragroup.dk\/da\/spare-part\/netti-precision-active\/\">L\u00e6s meget mere om Netti Precision Active.<\/a>"},{"_type":"_","title":"Netti Contour siddepude - et godt valg for god komfort ","text":"<strong>Netti Contour siddepude<\/strong>\r\n\r\n<img class=\"alignnone size-medium wp-image-109418\" src=\"\/app\/uploads\/2024\/10\/DSC6460_cmyk-600x399.jpg\" alt=\"\" width=\"300\" height=\"200\" \/>\r\n<ul>\r\n \t<li>Gode tryks\u00e5rsforebyggende egenskaber som tager h\u00f8jde for b\u00e5de trykfordeling og mikroklima.<\/li>\r\n \t<li>Puden er designet, s\u00e5 den f\u00f8lger kroppen og dermed giver ekstra god stabilitet og support for brugere, som sidder i stolen lang tid ad gangen.<\/li>\r\n \t<li>Skummets h\u00e5rdhed er tilpasset pudens st\u00f8rrelse og dermed brugerens v\u00e6gt.<\/li>\r\n<\/ul>\r\nSe de enkelte st\u00f8rrelser <a href=\"https:\/\/www.meyragroup.dk\/da\/spare-part\/netti-contour\/\">her<\/a>.\r\n\r\nVi leverer selvf\u00f8lgelig stolen med velcro eller uden velcro p\u00e5 s\u00e6debesp\u00e6nding, alt efter hvad der \u00f8nskes."},{"_type":"_","title":"Balancering for optimal tilpasning","text":"P\u00e5 en Femto S k\u00f8restol kan tyngdepunktet indstilles fra -25 mm til 115 mm.\r\nFordi det g\u00f8r det muligt at tilbyde en pr\u00e6cis tilpasning til aktivitetsniveau og sygdomsbillede.\r\n\r\nBedre ergonomi og optimal positionering for \u00f8get livsgl\u00e6de."}],"app_post_types_wheelchair_info_key_features_features":[{"_type":"_","feature":"Brugerv\u00e6gt op til 130 kg"},{"_type":"_","feature":"Svingbare og aftagelige benst\u00f8tter"},{"_type":"_","feature":"Foldbar, stabil konstruktion"},{"_type":"_","feature":"Perfekte k\u00f8reegenskaber"},{"_type":"_","feature":"S\u00e6dedybde fra 340 - 500 mm"},{"_type":"_","feature":"S\u00e6debredde fra 320 - 500 mm"},{"_type":"_","feature":"Moderne design i mange rammefarver"}],"app_post_types_wheelchair_configuration_highlighted":[],"app_post_types_wheelchair_configuration_semi_highlighted":[],"app_post_types_wheelchair_specifications_general_hmv":"","app_post_types_wheelchair_specifications_general_phmv":"","app_post_types_wheelchair_specifications_general_price":"","app_post_types_wheelchair_specifications_general_seat_width_filter_only":["300 - 340 mm","350 - 390 mm","400 - 440 mm","450 - 490 mm","500 - 540 mm"],"app_post_types_wheelchair_specifications_general_seat_width":"320, 340, 360, 380, 400, 420, 440, 460, 480, 500, 520","app_post_types_wheelchair_specifications_general_seat_width_flexibility":"","app_post_types_wheelchair_specifications_general_seat_depth_filter_only":["375 - 390 mm","400 - 415 mm","425 - 445 mm","450 - 465 mm","475 - 490 mm","500 - 515 mm","325 - 340 mm","350 - 365 mm"],"app_post_types_wheelchair_specifications_general_seat_depth":"340, 360, 380, 400, 420, 440, 460, 480, 500 ","app_post_types_wheelchair_specifications_general_seat_height":"250 - 500","app_post_types_wheelchair_specifications_general_seat_height_range_filter_only":[],"app_post_types_wheelchair_specifications_general_seat_height_range":"","app_post_types_wheelchair_specifications_general_weight_of_wheelchair":"","app_post_types_wheelchair_specifications_general_max_load_1_filter_only":["- 75 kg","76 - 136 kg"],"app_post_types_wheelchair_specifications_general_max_load_1":"130","app_post_types_wheelchair_specifications_general_max_load":"130","app_post_types_wheelchair_specifications_general_tilt_angle":"","app_post_types_wheelchair_specifications_general_recline_angle":"","app_post_types_wheelchair_specifications_general_total_width":"","app_post_types_wheelchair_specifications_general_leg_support_length":"","app_post_types_wheelchair_specifications_general_width_added_to_seat":"170","app_post_types_wheelchair_specifications_general_total_length_with_standard_leg_supports":"880 - 1030 ","app_post_types_wheelchair_specifications_general_armrest_height":"","app_post_types_wheelchair_specifications_general_allowed_as_seat_in_a_car":"yes","app_post_types_wheelchair_specifications_general_speed_in_km_h":"","app_post_types_wheelchair_specifications_general_dahl_docking":" ","app_post_types_wheelchair_specifications_general_driving_range":"","app_post_types_wheelchair_specifications_general_turning_radius":"","app_post_types_wheelchair_specifications_general_width_folded":"","app_post_types_wheelchair_specifications_general_seat_height_front_filter_only":["450 - 470 mm","480 - 510 mm","520 mm -"],"app_post_types_wheelchair_specifications_general_seat_height_front":"425 - 560","app_post_types_wheelchair_specifications_general_seat_height_back_filter_only":["380 - 440 mm","450 - 470 mm","480 - 510 mm","520 mm -"],"app_post_types_wheelchair_specifications_general_seat_height_back":"390 - 530","app_post_types_wheelchair_specifications_general_empty_weight_in_kg_from":"7,4","app_post_types_wheelchair_specifications_general_foldable_frame":"yes","app_post_types_wheelchair_specifications_general_mac_forhindring":"","app_post_types_wheelchair_specifications_general_html":"","app_post_types_wheelchair_specifications_leg_support_note":"","app_post_types_wheelchair_specifications_leg_support_angle_adjustable_leg_support_default":"no","app_post_types_wheelchair_specifications_leg_support_netti_grandis_leg_support_default":"no","app_post_types_wheelchair_specifications_leg_support_universal_leg_support_default":"no","app_post_types_wheelchair_specifications_leg_support_option_nds_leg_support":"no","app_post_types_wheelchair_specifications_leg_support_option_footboard":"no","app_post_types_wheelchair_specifications_leg_support_adjustable_extension_pieces":"no","app_post_types_wheelchair_specifications_leg_support_option_footbox":"no","app_post_types_wheelchair_specifications_leg_support_option_amputation_leg_support":"no","app_post_types_wheelchair_specifications_leg_support_option_abduction_leg_support":"no","app_post_types_wheelchair_specifications_leg_support_electric_angle_adjustable_leg_support":"no","app_post_types_wheelchair_specifications_leg_support_html":"","app_post_types_wheelchair_specifications_seat_unit_note":"","app_post_types_wheelchair_specifications_seat_unit_sliding_seat_plate":"no","app_post_types_wheelchair_specifications_seat_unit_firm_seat_plate":"no","app_post_types_wheelchair_specifications_seat_unit_dynamic_seat_plate":"no","app_post_types_wheelchair_specifications_seat_unit_comfort_seat_plate":"no","app_post_types_wheelchair_specifications_seat_unit_electric_tilt_function":"no","app_post_types_wheelchair_specifications_seat_unit_electric_seat_depth_adjustment":"no","app_post_types_wheelchair_specifications_seat_unit_elektrisk_saedeloeft":"","app_post_types_wheelchair_specifications_seat_unit_html":"","app_post_types_wheelchair_specifications_back_unit_note":"","app_post_types_wheelchair_specifications_back_unit_back_cushion_options_possible":"no","app_post_types_wheelchair_specifications_back_unit_optional_back_height_extension":"no","app_post_types_wheelchair_specifications_back_unit_h_belt_adapter":"no","app_post_types_wheelchair_specifications_back_unit_side_supports":"no","app_post_types_wheelchair_specifications_back_unit_dynamic_back_option":"no","app_post_types_wheelchair_specifications_back_unit_libertas_option":"no","app_post_types_wheelchair_specifications_back_unit_electric_back_function":"no","app_post_types_wheelchair_specifications_back_unit_html":"","app_post_types_wheelchair_specifications_belts_harness_note":"","app_post_types_wheelchair_specifications_belts_harness_hip_belts":"no","app_post_types_wheelchair_specifications_belts_harness_pelvis_stabilizer":"no","app_post_types_wheelchair_specifications_belts_harness_h_belt_adapter":"no","app_post_types_wheelchair_specifications_belts_harness_upper_body_support":"no","app_post_types_wheelchair_specifications_belts_harness_html":"","app_post_types_wheelchair_specifications_arm_support_note":"","app_post_types_wheelchair_specifications_arm_support_revolvable_armrest":"no","app_post_types_wheelchair_specifications_arm_support_removable_armrest":"no","app_post_types_wheelchair_specifications_arm_support_height_depth_adjustable_armrest":"no","app_post_types_wheelchair_specifications_arm_support_various_arm_pad_options":"no","app_post_types_wheelchair_specifications_arm_support_hemi_armsupport_options":"no","app_post_types_wheelchair_specifications_arm_support_half_tray":"no","app_post_types_wheelchair_specifications_arm_support_html":"","app_post_types_wheelchair_specifications_head_support_note":"","app_post_types_wheelchair_specifications_head_support_head_support_a":"no","app_post_types_wheelchair_specifications_head_support_various_head_supports":"no","app_post_types_wheelchair_specifications_head_support_head_support_rack_possible":"no","app_post_types_wheelchair_specifications_head_support_option_netti_dynamic_head_rest":"no","app_post_types_wheelchair_specifications_head_support_aluminium_head_support_adapter":"no","app_post_types_wheelchair_specifications_head_support_html":"","app_post_types_wheelchair_specifications_dynamic_components_note":"","app_post_types_wheelchair_specifications_dynamic_components_option_netti_dynamic_head_rest":"no","app_post_types_wheelchair_specifications_dynamic_components_dynamic_seat_plate":"no","app_post_types_wheelchair_specifications_dynamic_components_dynamic_back_cylinder_option":"no","app_post_types_wheelchair_specifications_dynamic_components_libertas_option":"no","app_post_types_wheelchair_specifications_dynamic_components_option_nds_leg_support":"no","app_post_types_wheelchair_specifications_dynamic_components_html":"","app_post_types_wheelchair_specifications_wheels_brakes_note":"","app_post_types_wheelchair_specifications_wheels_brakes_frame_brakes":"no","app_post_types_wheelchair_specifications_wheels_brakes_brake_lever_extension":"no","app_post_types_wheelchair_specifications_wheels_brakes_option_drum_brakes":"no","app_post_types_wheelchair_specifications_wheels_brakes_anti_tippers_wo_pedal":"no","app_post_types_wheelchair_specifications_wheels_brakes_anti_tippers_w_pedal":"no","app_post_types_wheelchair_specifications_wheels_brakes_standard_frame_extension":"no","app_post_types_wheelchair_specifications_wheels_brakes_one_hand_drive":"no","app_post_types_wheelchair_specifications_wheels_brakes_one_hand_brake":"no","app_post_types_wheelchair_specifications_wheels_brakes_easy_wheel":"no","app_post_types_wheelchair_specifications_wheels_brakes_html":"","app_post_types_wheelchair_specifications_ad_on_drive_note":"","app_post_types_wheelchair_specifications_ad_on_drive_e_drive_option":"no","app_post_types_wheelchair_specifications_ad_on_drive_e_move_option":"no","app_post_types_wheelchair_specifications_ad_on_drive_html":"","app_post_types_wheelchair_specifications_cover_note":"","app_post_types_wheelchair_specifications_cover_wipeable_easy_care_cover":"no","app_post_types_wheelchair_specifications_cover_breathable_3d_cover":"no","app_post_types_wheelchair_specifications_cover_html":"","app_post_types_wheelchair_specifications_often_requested_acc_note":"","app_post_types_wheelchair_specifications_often_requested_acc_option_device_rack_for_medical_aids":"no","app_post_types_wheelchair_specifications_often_requested_acc_option_intravenous_rack":"no","app_post_types_wheelchair_specifications_often_requested_acc_car_fasteners":" ","app_post_types_wheelchair_specifications_often_requested_acc_html":"","app_post_types_wheelchair_videos_videos":[{"_type":"_","title":"Benst\u00f8tte Femto Family - aftagelig og svingbar","video":"https:\/\/youtu.be\/vNWQoSpU9HQ"},{"_type":"_","title":"Arml\u00e6n Femto Family - h\u00f8jdeindstillelig og svingbar","video":"https:\/\/youtu.be\/9tbaFGU7aoQ"},{"_type":"_","title":"Indstilling af tyngdepunkt ","video":"https:\/\/www.youtube.com\/watch?v=XFwWZ4Wzlg8"},{"_type":"_","title":"Indstilling af rygvinkel ","video":"https:\/\/www.youtube.com\/watch?v=Q-flrwIOb9o"},{"_type":"_","title":"Indstilling af s\u00e6deh\u00f8jde bag","video":"https:\/\/www.youtube.com\/watch?v=eMQhJ0NDBCo"},{"_type":"_","title":"Indstilling af vinkel p\u00e5 forgaffel","video":"https:\/\/www.youtube.com\/watch?v=zwgI8MNlTwY"},{"_type":"_","title":"Indstilling af rygh\u00f8jde","video":"https:\/\/www.youtube.com\/watch?v=Fv_2OvUsrLo"},{"_type":"_","title":"Indstilling af lige k\u00f8rsel","video":"https:\/\/www.youtube.com\/watch?v=2JWFZ1u4OH0&list=PLhcUBVJ0-c9qVzuTUk5eX5QDVDX_VGGAR&index=19"}],"app_post_types_wheelchair_downloads_note":"","app_post_types_wheelchair_catalogue_note":"","app_post_types_wheelchair_catalogue_disable_pdf":true,"app_post_types_wheelchair_tab_titles_info_tab_title":"","app_post_types_wheelchair_tab_titles_info_title":"","app_post_types_wheelchair_tab_titles_info_description":"","app_post_types_wheelchair_tab_titles_info_hide_tab":false,"app_post_types_wheelchair_tab_titles_configuration_tab_title":"","app_post_types_wheelchair_tab_titles_configuration_title":"","app_post_types_wheelchair_tab_titles_configuration_description":"","app_post_types_wheelchair_tab_titles_configuration_hide_tab":true,"app_post_types_wheelchair_tab_titles_specifications_tab_title":"","app_post_types_wheelchair_tab_titles_specifications_title":"","app_post_types_wheelchair_tab_titles_specifications_description":"","app_post_types_wheelchair_tab_titles_specifications_hide_tab":false,"app_post_types_wheelchair_tab_titles_videos_tab_title":"","app_post_types_wheelchair_tab_titles_videos_title":"","app_post_types_wheelchair_tab_titles_videos_description":"","app_post_types_wheelchair_tab_titles_videos_hide_tab":false,"app_post_types_wheelchair_tab_titles_downloads_tab_title":"","app_post_types_wheelchair_tab_titles_downloads_title":"","app_post_types_wheelchair_tab_titles_downloads_description":"","app_post_types_wheelchair_tab_titles_downloads_hide_tab":false,"app_post_types_wheelchair_tab_titles_catalogue_tab_title":"","app_post_types_wheelchair_tab_titles_catalogue_title":"","app_post_types_wheelchair_tab_titles_catalogue_description":"","app_post_types_wheelchair_tab_titles_catalogue_hide_tab":false,"app_post_types_wheelchair_modules_modules":[],"app_post_types_wheelchair_product_slider_title":"Related Products","app_post_types_wheelchair_product_slider_product_kind":"wheelchairs","app_post_types_wheelchair_product_slider_wheelchairs":[{"value":"post:wheelchair:103193","type":"post","subtype":"wheelchair","id":"103193"},{"value":"post:wheelchair:113459","type":"post","subtype":"wheelchair","id":"113459"}],"app_post_types_wheelchair_product_slider_spare_parts":[],"app_post_types_wheelchair_product_slider_all":[],"app_post_types_wheelchair_product_slider_hide_info":false,"app_post_types_wheelchair_archive_info_image":"113464","app_post_types_wheelchair_archive_info_excerpt":"Krydsrammestol med svingbare og aftagelige benst\u00f8tter ","app_post_types_wheelchair_archive_info_html":"","app_post_types_wheelchair_tags_tags":"","app_post_types_wheelchair_visibility_hide_on_site":false,"_links":{"self":[{"href":"https:\/\/www.my-netti.com\/da\/wp-json\/wp\/v2\/wheelchair\/113572","targetHints":{"allow":["GET"]}}],"collection":[{"href":"https:\/\/www.my-netti.com\/da\/wp-json\/wp\/v2\/wheelchair"}],"about":[{"href":"https:\/\/www.my-netti.com\/da\/wp-json\/wp\/v2\/types\/wheelchair"}],"version-history":[{"count":31,"href":"https:\/\/www.my-netti.com\/da\/wp-json\/wp\/v2\/wheelchair\/113572\/revisions"}],"predecessor-version":[{"id":120170,"href":"https:\/\/www.my-netti.com\/da\/wp-json\/wp\/v2\/wheelchair\/113572\/revisions\/120170"}],"wp:attachment":[{"href":"https:\/\/www.my-netti.com\/da\/wp-json\/wp\/v2\/media?parent=113572"}],"wp:term":[{"taxonomy":"brand","embeddable":true,"href":"https:\/\/www.my-netti.com\/da\/wp-json\/wp\/v2\/brand?post=113572"},{"taxonomy":"certification","embeddable":true,"href":"https:\/\/www.my-netti.com\/da\/wp-json\/wp\/v2\/certification?post=113572"},{"taxonomy":"netti-family","embeddable":true,"href":"https:\/\/www.my-netti.com\/da\/wp-json\/wp\/v2\/netti-family?post=113572"},{"taxonomy":"type","embeddable":true,"href":"https:\/\/www.my-netti.com\/da\/wp-json\/wp\/v2\/cat_type?post=113572"},{"taxonomy":"wheelchair-category","embeddable":true,"href":"https:\/\/www.my-netti.com\/da\/wp-json\/wp\/v2\/wheelchair-category?post=113572"}],"curies":[{"name":"wp","href":"https:\/\/api.w.org\/{rel}","templated":true}]}}